{"id":98,"date":"2020-02-23T14:57:57","date_gmt":"2020-02-23T14:57:57","guid":{"rendered":"http:\/\/holger-montag.de\/?page_id=98"},"modified":"2026-01-23T17:42:53","modified_gmt":"2026-01-23T17:42:53","slug":"linoldruck-workshops","status":"publish","type":"page","link":"https:\/\/holger-montag.de\/?page_id=98","title":{"rendered":"Autorenlesung + Linoldruck f\u00fcr Grundsch\u00fcler"},"content":{"rendered":"\r\n<h2 class=\"wp-block-heading\"><span style=\"color: #ff6600;\"><strong>Schluss mit langweiligen Projekttagen!<\/strong><\/span><\/h2>\r\n<p><strong><span style=\"color: #ffcc99;\">Autorenlesung und Linoldruck f\u00fcr Grundsch\u00fcler<\/span><\/strong><\/p>\r\n<hr \/>\r\n\r\n\r\n\r\n\r\n<p><img loading=\"lazy\" decoding=\"async\" class=\"alignnone  wp-image-1657\" src=\"https:\/\/holger-montag.de\/wp-content\/uploads\/2026\/01\/Lesung6-e1769112281420-853x1024.jpg\" alt=\"\" width=\"91\" height=\"109\" srcset=\"https:\/\/holger-montag.de\/wp-content\/uploads\/2026\/01\/Lesung6-e1769112281420-853x1024.jpg 853w, https:\/\/holger-montag.de\/wp-content\/uploads\/2026\/01\/Lesung6-e1769112281420-250x300.jpg 250w, https:\/\/holger-montag.de\/wp-content\/uploads\/2026\/01\/Lesung6-e1769112281420-768x922.jpg 768w, https:\/\/holger-montag.de\/wp-content\/uploads\/2026\/01\/Lesung6-e1769112281420.jpg 923w\" sizes=\"auto, (max-width: 91px) 100vw, 91px\" \/> <img loading=\"lazy\" decoding=\"async\" class=\"alignnone  wp-image-441\" src=\"https:\/\/holger-montag.de\/wp-content\/uploads\/2020\/04\/13-1-e1769188465464.jpg\" alt=\"\" width=\"296\" height=\"109\" \/>\u00a0<img loading=\"lazy\" decoding=\"async\" class=\"alignnone  wp-image-1663\" src=\"https:\/\/holger-montag.de\/wp-content\/uploads\/2026\/01\/IMG_20231128_190102_klkl-e1769117141204.png\" alt=\"\" width=\"110\" height=\"107\" \/><\/p>\r\n<h2>Warum \u00fcberhaupt so ein Projekt?<\/h2>\r\n<ul>\r\n<li><strong>Lese- und Sprachf\u00f6rderung<\/strong>\u00a0<\/li>\r\n<li><strong>Haptisch-praktischer Teil<\/strong> als Gegenpart zum passiven Zuh\u00f6ren\u00a0<\/li>\r\n<li><strong>Motivation<\/strong> auch vermeintlich k\u00fcnstlerisch untalentierter Kinder\u00a0<\/li>\r\n<li><strong>Auseinandersetzen<\/strong> mit Themen wie Freundschaft, Zusammenhalt, Teamwork, Au\u00dfenseiter, Individualit\u00e4t, kulturelle Unterschiede + Verbindendes, Trauer etc.\u00a0<\/li>\r\n<li><strong>Aufwerten<\/strong> der Grundsch\u00fclerInnen: Linoldruck wird f\u00fcr gew\u00f6hnlich fr\u00fchestens ab Klassenstufe 7\/8 unterrichtet\u00a0<\/li>\r\n<li><strong>Lernen vom Profi<\/strong>: <a href=\"https:\/\/holger-montag.de\/?page_id=21\">Holger Montag<\/a> ist vielfach ver\u00f6ffentlichter Schriftsteller und freiberuflicher K\u00fcnstler, der zwischen Ausstellungen, Kunstm\u00e4rkten und seiner Projektarbeit als Dozent pendelt<\/li>\r\n<li><strong>Zwei Highlights zum Preis von einem<\/strong>: Ein Projekttag kostet nicht mehr als eine reine Autorenlesung<\/li>\r\n<\/ul>\r\n\r\n\r\n\r\n\r\n\r\n<h2>Holger Montag, wie kam es zu den Projekttagen?<\/h2>\r\n<p>Als ich meine Idee 2016 erstmals vorstellte, stie\u00df ich zun\u00e4chst bei Schulleitungen und Eltern auf Skepsis. Kein Wunder, gab es doch bis dato kein vergleichbares Projekt in Deutschland. Inzwischen geh\u00f6ren meine Autorenlesungen samt Workshops in vielen Schulen zum festen Repertoire &#8211; auch deshalb, weil die Sch\u00fcler am Ende der Projekttage stets vor Stolz platzen und es kaum erwarten k\u00f6nnen, ihre ersten Linoldrucke zu Hause zu pr\u00e4sentieren.<\/p>\r\n<p>Doch von Anfang an: Mit den einleitenden <strong>Autorenlesungen<\/strong> lade ich die Kinder zu einer Reise durch meine Kinderb\u00fccher und M\u00e4rchen ein. <strong>Sie behandeln auf humorvolle und spannende Weise wichtige Themen<\/strong> wie Freundschaft, Toleranz, Zivilcourage, Lebenslust und den Umgang mit Trauer, an die auch eine nachfolgende Unterrichtsstunde hervorragend ankn\u00fcpfen kann. Das sich anschlie\u00dfende <strong>Autoren-\/Werkgespr\u00e4ch<\/strong> gew\u00e4hrt Einblicke in die Ideenfindung und die Entstehung meiner Werke vom Drucksatz bis zur Covergestaltung.<\/p>\r\n<p><img loading=\"lazy\" decoding=\"async\" class=\"alignnone  wp-image-1515\" src=\"https:\/\/holger-montag.de\/wp-content\/uploads\/2025\/01\/Lesung6-678x1024.jpg\" alt=\"\" width=\"133\" height=\"201\" srcset=\"https:\/\/holger-montag.de\/wp-content\/uploads\/2025\/01\/Lesung6-678x1024.jpg 678w, https:\/\/holger-montag.de\/wp-content\/uploads\/2025\/01\/Lesung6-199x300.jpg 199w, https:\/\/holger-montag.de\/wp-content\/uploads\/2025\/01\/Lesung6-768x1160.jpg 768w, https:\/\/holger-montag.de\/wp-content\/uploads\/2025\/01\/Lesung6-1017x1536.jpg 1017w, https:\/\/holger-montag.de\/wp-content\/uploads\/2025\/01\/Lesung6-1356x2048.jpg 1356w, https:\/\/holger-montag.de\/wp-content\/uploads\/2025\/01\/Lesung6.jpg 1638w\" sizes=\"auto, (max-width: 133px) 100vw, 133px\" \/>\u00a0 <img loading=\"lazy\" decoding=\"async\" class=\"alignnone  wp-image-878\" src=\"https:\/\/holger-montag.de\/wp-content\/uploads\/2022\/02\/IMG-20181206-WA0000-2.jpg\" alt=\"\" width=\"103\" height=\"201\" srcset=\"https:\/\/holger-montag.de\/wp-content\/uploads\/2022\/02\/IMG-20181206-WA0000-2.jpg 347w, https:\/\/holger-montag.de\/wp-content\/uploads\/2022\/02\/IMG-20181206-WA0000-2-154x300.jpg 154w\" sizes=\"auto, (max-width: 103px) 100vw, 103px\" \/>\u00a0 <img loading=\"lazy\" decoding=\"async\" class=\"alignnone  wp-image-1520\" src=\"https:\/\/holger-montag.de\/wp-content\/uploads\/2025\/01\/Alzey2022-1-4-765x1024.jpg\" alt=\"\" width=\"150\" height=\"201\" srcset=\"https:\/\/holger-montag.de\/wp-content\/uploads\/2025\/01\/Alzey2022-1-4-765x1024.jpg 765w, https:\/\/holger-montag.de\/wp-content\/uploads\/2025\/01\/Alzey2022-1-4-224x300.jpg 224w, https:\/\/holger-montag.de\/wp-content\/uploads\/2025\/01\/Alzey2022-1-4-768x1028.jpg 768w, https:\/\/holger-montag.de\/wp-content\/uploads\/2025\/01\/Alzey2022-1-4-1148x1536.jpg 1148w, https:\/\/holger-montag.de\/wp-content\/uploads\/2025\/01\/Alzey2022-1-4-1531x2048.jpg 1531w, https:\/\/holger-montag.de\/wp-content\/uploads\/2025\/01\/Alzey2022-1-4-scaled.jpg 1913w\" sizes=\"auto, (max-width: 150px) 100vw, 150px\" \/><\/p>\r\n<p>Die nach einer Pause angesetzten Linoldruck-Workshops k\u00f6nnen je nach Wunsch an die Lesung ankn\u00fcpfen oder in eine andere Richtung zielen. (Zum Beispiel k\u00f6nnen Oster- oder Weihnachtskarten f\u00fcr den Schulbasar oder das Klassenmaskottchen im Mittelpunkt stehen.) So oder so werden die \u2013 aus Sicht der Kinder passiven \u2013 Lesungen und die Werkgespr\u00e4che <strong>durch einen praktischen und aktiven Teil erg\u00e4nzt<\/strong>. Was die Kindern den Projekttag als umfassende neue Erfahrung erleben l\u00e4sst. Mit einer Autorenlesung oder einem Kunstprojekt allein ist dies nicht m\u00f6glich.<\/p>\r\n<p><img loading=\"lazy\" decoding=\"async\" class=\"alignnone  wp-image-1518\" src=\"https:\/\/holger-montag.de\/wp-content\/uploads\/2025\/01\/Lesung5-818x1024.jpg\" alt=\"\" width=\"131\" height=\"164\" srcset=\"https:\/\/holger-montag.de\/wp-content\/uploads\/2025\/01\/Lesung5-818x1024.jpg 818w, https:\/\/holger-montag.de\/wp-content\/uploads\/2025\/01\/Lesung5-240x300.jpg 240w, https:\/\/holger-montag.de\/wp-content\/uploads\/2025\/01\/Lesung5-768x961.jpg 768w, https:\/\/holger-montag.de\/wp-content\/uploads\/2025\/01\/Lesung5.jpg 1054w\" sizes=\"auto, (max-width: 131px) 100vw, 131px\" \/>\u00a0\u00a0<img loading=\"lazy\" decoding=\"async\" class=\"alignnone  wp-image-1521\" src=\"https:\/\/holger-montag.de\/wp-content\/uploads\/2025\/01\/viele-motive-1024x768.jpg\" alt=\"\" width=\"218\" height=\"163\" srcset=\"https:\/\/holger-montag.de\/wp-content\/uploads\/2025\/01\/viele-motive-1024x768.jpg 1024w, https:\/\/holger-montag.de\/wp-content\/uploads\/2025\/01\/viele-motive-300x225.jpg 300w, https:\/\/holger-montag.de\/wp-content\/uploads\/2025\/01\/viele-motive-768x576.jpg 768w, https:\/\/holger-montag.de\/wp-content\/uploads\/2025\/01\/viele-motive-1536x1152.jpg 1536w, https:\/\/holger-montag.de\/wp-content\/uploads\/2025\/01\/viele-motive-2048x1536.jpg 2048w\" sizes=\"auto, (max-width: 218px) 100vw, 218px\" \/> \u00a0<img loading=\"lazy\" decoding=\"async\" class=\"alignnone wp-image-528\" src=\"http:\/\/holger-montag.de\/wp-content\/uploads\/2020\/04\/101.jpg\" alt=\"\" width=\"80\" height=\"164\" \/><\/p>\r\n<p>Ohnehin k\u00fcnstlerisch motivierte Sch\u00fcler nutzen die neu erlernte Technik, um <strong>mit ihren Drucken neue Wege bei ihrer Kreativit\u00e4t zu beschreiten<\/strong>. Noch verbl\u00fcffender ist jedoch der Effekt, dass gerade diejenigen Sch\u00fcler besonders befl\u00fcgelt aus dem Projekttag hervorgehen, die sich zuvor f\u00fcr unkreativ hielten. Die halb handwerkliche, halb k\u00fcnstlerische Auseinandersetzung mit ihrem Werkst\u00fcck und das Teamwork innerhalb der Klassengemeinschaft bieten ihnen eine gute Basis f\u00fcr solche Erfolgserlebnisse. <strong>Diese vermeintlich unkreativen Kinder<\/strong> erhalten durch die Technik des Linoldrucks die M\u00f6glichkeit, ihre motorischen F\u00e4higkeiten mit ihrer Fantasie zu kombinieren &#8211; und oft erstmals mit sich und ihren Ergebnissen rundum zufrieden den &#8222;Kunstunterricht&#8220; zu verlassen.<\/p>\r\n<p>\u00a0 <a href=\"http:\/\/holger-montag.de\/wp-content\/uploads\/2022\/02\/P5040015.jpg\" data-wp-editing=\"1\"><img loading=\"lazy\" decoding=\"async\" class=\"alignnone  wp-image-1523\" src=\"https:\/\/holger-montag.de\/wp-content\/uploads\/2025\/01\/farbauftrag2-768x1024.jpg\" alt=\"\" width=\"122\" height=\"162\" srcset=\"https:\/\/holger-montag.de\/wp-content\/uploads\/2025\/01\/farbauftrag2-768x1024.jpg 768w, https:\/\/holger-montag.de\/wp-content\/uploads\/2025\/01\/farbauftrag2-225x300.jpg 225w, https:\/\/holger-montag.de\/wp-content\/uploads\/2025\/01\/farbauftrag2-1152x1536.jpg 1152w, https:\/\/holger-montag.de\/wp-content\/uploads\/2025\/01\/farbauftrag2-1536x2048.jpg 1536w, https:\/\/holger-montag.de\/wp-content\/uploads\/2025\/01\/farbauftrag2-scaled.jpg 1920w\" sizes=\"auto, (max-width: 122px) 100vw, 122px\" \/><\/a>\u00a0 <img loading=\"lazy\" decoding=\"async\" class=\"alignnone  wp-image-877\" src=\"https:\/\/holger-montag.de\/wp-content\/uploads\/2022\/02\/PXL_20211124_113109539.MP_-1024x768.jpg\" alt=\"\" width=\"216\" height=\"162\" srcset=\"https:\/\/holger-montag.de\/wp-content\/uploads\/2022\/02\/PXL_20211124_113109539.MP_-1024x768.jpg 1024w, https:\/\/holger-montag.de\/wp-content\/uploads\/2022\/02\/PXL_20211124_113109539.MP_-300x225.jpg 300w, https:\/\/holger-montag.de\/wp-content\/uploads\/2022\/02\/PXL_20211124_113109539.MP_-768x576.jpg 768w, https:\/\/holger-montag.de\/wp-content\/uploads\/2022\/02\/PXL_20211124_113109539.MP_-1536x1152.jpg 1536w, https:\/\/holger-montag.de\/wp-content\/uploads\/2022\/02\/PXL_20211124_113109539.MP_-2048x1536.jpg 2048w\" sizes=\"auto, (max-width: 216px) 100vw, 216px\" \/>\u00a0\u00a0<img loading=\"lazy\" decoding=\"async\" class=\"alignnone  wp-image-1680\" src=\"https:\/\/holger-montag.de\/wp-content\/uploads\/2026\/01\/me.jpg\" alt=\"\" width=\"92\" height=\"162\" srcset=\"https:\/\/holger-montag.de\/wp-content\/uploads\/2026\/01\/me.jpg 268w, https:\/\/holger-montag.de\/wp-content\/uploads\/2026\/01\/me-170x300.jpg 170w\" sizes=\"auto, (max-width: 92px) 100vw, 92px\" \/><\/p>\r\n<p>&nbsp;<\/p>\r\n<hr \/>\r\n<h2>Basis- und Profi-Projekt<\/h2>\r\n<p>Das <span style=\"color: #99cc00;\"><strong>Basis-Projekt<\/strong><\/span> ist f\u00fcr <strong>alle Klassenstufen Ihrer Grundschule<\/strong> geeignet und besteht aus <strong>Autorenlesung, Werkgespr\u00e4ch und Workshop\/s<\/strong>. F\u00fcr Erst- und Zweitkl\u00e4ssler empfehle ich eine Autorenlesung aus meiner Neufassung von &#8222;Kalif Storch\u201c oder &#8222;Schneewittchen&#8220; &#8211; sehr witzig und dennoch m\u00e4rchenhaft -, f\u00fcr KS 3 mein spannendes Kinderbuch &#8222;Uxe &amp; die Calaveras\u201c und f\u00fcr KS 4 mein j\u00fcngstes Kinderbuch &#8222;Der Rocket M\u00e4n&#8220;.<\/p>\r\n<p>Das Basis-Projekt kann mit nachr\u00fcckenden Klassen im Folgejahr wiederholt und &#8211; f\u00fcr Sch\u00fcler:innen, die dieses in einem der Vorjahre bereits besuchten &#8211; um ein aufbauendes <span style=\"color: #33cccc;\"><strong>Profi-Projekt<\/strong> <\/span>erweitert werden. So k\u00f6nnen die Kinder ihr <strong>Wissen weiter vertiefen<\/strong> und sich im anspruchsvollen Mehrfarb-Druck versuchen. (Das Projekt kommt erfreulicherweise so gut an, dass viele Schulen nach erstmaliger Durchf\u00fchrung des Basis-Projekts zu \u201eWiederholungst\u00e4tern\u201c werden. Die Ergebnisse sprechen f\u00fcr sich und werden gut und gerne beim Schul- oder Weihnachtsbasar verkauft.)<\/p>\r\n<p><img loading=\"lazy\" decoding=\"async\" class=\"alignnone  wp-image-1329\" src=\"https:\/\/holger-montag.de\/wp-content\/uploads\/2024\/01\/IMG_20231128_190203_klkl.png\" alt=\"\" width=\"153\" height=\"152\" srcset=\"https:\/\/holger-montag.de\/wp-content\/uploads\/2024\/01\/IMG_20231128_190203_klkl.png 200w, https:\/\/holger-montag.de\/wp-content\/uploads\/2024\/01\/IMG_20231128_190203_klkl-150x150.png 150w, https:\/\/holger-montag.de\/wp-content\/uploads\/2024\/01\/IMG_20231128_190203_klkl-100x100.png 100w\" sizes=\"auto, (max-width: 153px) 100vw, 153px\" \/>\u00a0 <img loading=\"lazy\" decoding=\"async\" class=\"alignnone  wp-image-1330\" src=\"https:\/\/holger-montag.de\/wp-content\/uploads\/2024\/01\/IMG_20231128_190328_klkl.png\" alt=\"\" width=\"158\" height=\"152\" \/><\/p>\r\n<hr \/>\r\n\r\n\r\n<h2><span style=\"color: #808080;\">Stimmen zum Projekt<\/span><\/h2>\r\n<p><span style=\"color: #99cc00;\">&#x2666; &#8222;Sehr interessante Veranstaltung, die Kombination Lesung mit anschlie\u00dfendem Linol-Workshop war f\u00fcr die Kinder sehr motivierend.&#8220;\u00a0 <br \/><\/span><\/p>\r\n<p><span style=\"color: #2e6133;\">&#x2666;<\/span><span style=\"color: #2e6133;\">\u00a0&#8222;Toll, endlich mal ein Schriftsteller zum Anfassen!&#8220;<\/span><\/p>\r\n<p><span style=\"color: #339966;\">\u00a0&#x2666; &#8222;Der Workshop hat allen Kindern und auch uns Lehrerinnen riesigen Spa\u00df gemacht.&#8220; <br \/><\/span><\/p>\r\n<p><span style=\"color: #008000;\">\u00a0&#x2666; &#8222;Ein wundersch\u00f6ner Aktionstag.&#8220; <br \/><\/span><\/p>\r\n<p><span style=\"color: #808000;\">\u00a0&#x2666; &#8222;Herzlichen\u00a0 Dank f\u00fcr das tolle Projekt. Die Sch\u00fcler waren begeistert.&#8220; <br \/><\/span><\/p>\r\n<p><span style=\"color: #113b0d;\"><span style=\"color: #42e833;\">\u00a0&#x2666; &#8222;Autorenlesung und Workshop in einem: Eine super Idee! Vielen Dank, das war eine Bereicherung f\u00fcr die Kinder und uns!&#8220; <\/span><br \/><\/span><\/p>\r\n<hr \/>\r\n<h2>Alles zum Projekt Autorenlesung + Linoldruck f\u00fcr Grundsch\u00fcler<\/h2>\r\n<p><a href=\"https:\/\/holger-montag.de\/?page_id=1373\">Erl\u00e4uterungen und FAQs<\/a><\/p>\r\n<p><a href=\"https:\/\/holger-montag.de\/?page_id=1379\">Zeitlicher Ablauf des Projekts<\/a><\/p>\r\n<p><a href=\"https:\/\/holger-montag.de\/?page_id=1396\">Preise<\/a><\/p>\r\n<p><a href=\"https:\/\/holger-montag.de\/?page_id=1408\">Ausf\u00fchrliches Feedback zum Projekttag<\/a><\/p>\r\n<p>Gerne \u00fcbersende ich Ihnen weitere Infos zu dem Projekt oder erstelle Ihnen ein individuelles Angebot.<\/p>\r\n\r\n\r\n\r\n<p class=\"has-text-color has-background has-very-light-gray-color\" style=\"background-color: #327454;\">Anfragen an <a href=\"mailto:info@holger-montag.de\"><strong>info@holger-montag.de<\/strong><\/a><\/p>\r\n\r\n\r\n\r\n<figure class=\"wp-block-gallery-1 is-layout-flex wp-block-gallery-is-layout-flex\"><\/figure>\r\n<hr \/>\r\n<figure><\/figure>\r\n<figure><\/figure>\r\n<figure><\/figure>\r\n<h2>Lesung oder Workshop einzeln<\/h2>\r\n<p>Sie haben Interesse an einer Lesung oder einem Workshop, m\u00f6chten aber nicht beides auf einmal anbieten? Kein Problem! Nat\u00fcrlich k\u00f6nnen Sie sowohl die Autorenlesung (+Werkgespr\u00e4ch) als auch den Linoldruck-Workshop auch einzeln buchen.<\/p>\r\n<p class=\"has-text-color has-background has-very-light-gray-color\" style=\"background-color: #327454;\">Anfragen unter <a href=\"mailto:info@holger-montag.de\"><strong>info@holger-montag.de<\/strong><\/a><\/p>\r\n<hr \/>\r\n<h2>Linoldruck-Workshops f\u00fcr Erwachsene<\/h2>\r\n<p>Oder m\u00f6chten Sie selbst die Kunst des Linoldrucks erlernen und ein neues gestalterisches Medium ausprobieren? Die Seele entspannen, Stress und Gedanken f\u00fcr eine Weile beiseite schieben? <a href=\"https:\/\/holger-montag.de\/?page_id=1434\">Dann schauen Sie doch mal hier vorbei<\/a> oder lassen Sie sich unverbindlich vormerken. Ich informiere Sie gerne \u00fcber die geplanten Termine.<\/p>\r\n<p><img loading=\"lazy\" decoding=\"async\" class=\"alignnone  wp-image-1594\" src=\"https:\/\/holger-montag.de\/wp-content\/uploads\/2025\/08\/IMG_20250803_141456-766x1024.jpg\" alt=\"\" width=\"95\" height=\"127\" srcset=\"https:\/\/holger-montag.de\/wp-content\/uploads\/2025\/08\/IMG_20250803_141456-766x1024.jpg 766w, https:\/\/holger-montag.de\/wp-content\/uploads\/2025\/08\/IMG_20250803_141456-224x300.jpg 224w, https:\/\/holger-montag.de\/wp-content\/uploads\/2025\/08\/IMG_20250803_141456-768x1026.jpg 768w, https:\/\/holger-montag.de\/wp-content\/uploads\/2025\/08\/IMG_20250803_141456-1149x1536.jpg 1149w, https:\/\/holger-montag.de\/wp-content\/uploads\/2025\/08\/IMG_20250803_141456-1532x2048.jpg 1532w, https:\/\/holger-montag.de\/wp-content\/uploads\/2025\/08\/IMG_20250803_141456-scaled.jpg 1916w\" sizes=\"auto, (max-width: 95px) 100vw, 95px\" \/> <img loading=\"lazy\" decoding=\"async\" class=\"alignnone  wp-image-1591\" src=\"https:\/\/holger-montag.de\/wp-content\/uploads\/2025\/08\/IMG_20250803_135637-766x1024.jpg\" alt=\"\" width=\"95\" height=\"127\" srcset=\"https:\/\/holger-montag.de\/wp-content\/uploads\/2025\/08\/IMG_20250803_135637-766x1024.jpg 766w, https:\/\/holger-montag.de\/wp-content\/uploads\/2025\/08\/IMG_20250803_135637-224x300.jpg 224w, https:\/\/holger-montag.de\/wp-content\/uploads\/2025\/08\/IMG_20250803_135637-768x1026.jpg 768w, https:\/\/holger-montag.de\/wp-content\/uploads\/2025\/08\/IMG_20250803_135637-1149x1536.jpg 1149w, https:\/\/holger-montag.de\/wp-content\/uploads\/2025\/08\/IMG_20250803_135637-1532x2048.jpg 1532w, https:\/\/holger-montag.de\/wp-content\/uploads\/2025\/08\/IMG_20250803_135637-scaled.jpg 1916w\" sizes=\"auto, (max-width: 95px) 100vw, 95px\" \/> <img loading=\"lazy\" decoding=\"async\" class=\"alignnone  wp-image-1597\" src=\"https:\/\/holger-montag.de\/wp-content\/uploads\/2025\/08\/IMG_20250803_131815-768x1024.jpg\" alt=\"\" width=\"96\" height=\"128\" srcset=\"https:\/\/holger-montag.de\/wp-content\/uploads\/2025\/08\/IMG_20250803_131815-768x1024.jpg 768w, https:\/\/holger-montag.de\/wp-content\/uploads\/2025\/08\/IMG_20250803_131815-225x300.jpg 225w, https:\/\/holger-montag.de\/wp-content\/uploads\/2025\/08\/IMG_20250803_131815-1152x1536.jpg 1152w, https:\/\/holger-montag.de\/wp-content\/uploads\/2025\/08\/IMG_20250803_131815-1536x2048.jpg 1536w, https:\/\/holger-montag.de\/wp-content\/uploads\/2025\/08\/IMG_20250803_131815-scaled.jpg 1920w\" sizes=\"auto, (max-width: 96px) 100vw, 96px\" \/> <img loading=\"lazy\" decoding=\"async\" class=\"alignnone  wp-image-1596\" src=\"https:\/\/holger-montag.de\/wp-content\/uploads\/2025\/08\/IMG_20250803_141441-766x1024.jpg\" alt=\"\" width=\"96\" height=\"128\" srcset=\"https:\/\/holger-montag.de\/wp-content\/uploads\/2025\/08\/IMG_20250803_141441-766x1024.jpg 766w, https:\/\/holger-montag.de\/wp-content\/uploads\/2025\/08\/IMG_20250803_141441-224x300.jpg 224w, https:\/\/holger-montag.de\/wp-content\/uploads\/2025\/08\/IMG_20250803_141441-768x1026.jpg 768w, https:\/\/holger-montag.de\/wp-content\/uploads\/2025\/08\/IMG_20250803_141441-1149x1536.jpg 1149w, https:\/\/holger-montag.de\/wp-content\/uploads\/2025\/08\/IMG_20250803_141441-1532x2048.jpg 1532w, https:\/\/holger-montag.de\/wp-content\/uploads\/2025\/08\/IMG_20250803_141441-scaled.jpg 1916w\" sizes=\"auto, (max-width: 96px) 100vw, 96px\" \/> <img loading=\"lazy\" decoding=\"async\" class=\"alignnone  wp-image-1592\" src=\"https:\/\/holger-montag.de\/wp-content\/uploads\/2025\/08\/IMG_20250803_135454-766x1024.jpg\" alt=\"\" width=\"96\" height=\"128\" srcset=\"https:\/\/holger-montag.de\/wp-content\/uploads\/2025\/08\/IMG_20250803_135454-766x1024.jpg 766w, https:\/\/holger-montag.de\/wp-content\/uploads\/2025\/08\/IMG_20250803_135454-224x300.jpg 224w, https:\/\/holger-montag.de\/wp-content\/uploads\/2025\/08\/IMG_20250803_135454-768x1026.jpg 768w, https:\/\/holger-montag.de\/wp-content\/uploads\/2025\/08\/IMG_20250803_135454-1149x1536.jpg 1149w, https:\/\/holger-montag.de\/wp-content\/uploads\/2025\/08\/IMG_20250803_135454-1532x2048.jpg 1532w, https:\/\/holger-montag.de\/wp-content\/uploads\/2025\/08\/IMG_20250803_135454-scaled.jpg 1916w\" sizes=\"auto, (max-width: 96px) 100vw, 96px\" \/><\/p>\r\n<figure><\/figure>\r\n<figure><\/figure>\r\n<p>\r\n\r\n<\/p>\r\n<figure><\/figure>\r\n<figure><\/figure>\r\n\r\n\r\n\r\n<p class=\"has-text-color has-background has-very-light-gray-color\" style=\"background-color: #327454;\">Anfragen unter <a href=\"mailto:info@holger-montag.de\"><strong>info@holger-montag.de<\/strong><\/a><\/p>\r\n<p>&nbsp;<\/p>\r\n\r\n<p>&nbsp;<\/p>","protected":false},"excerpt":{"rendered":"<p>Schluss mit langweiligen Projekttagen! Autorenlesung und Linoldruck f\u00fcr Grundsch\u00fcler \u00a0 Warum \u00fcberhaupt so ein Projekt? Lese- und Sprachf\u00f6rderung\u00a0 Haptisch-praktischer Teil als Gegenpart zum passiven Zuh\u00f6ren\u00a0 Motivation auch vermeintlich k\u00fcnstlerisch untalentierter Kinder\u00a0 Auseinandersetzen mit Themen wie Freundschaft, Zusammenhalt, Teamwork, Au\u00dfenseiter, Individualit\u00e4t, kulturelle Unterschiede + Verbindendes, Trauer etc.\u00a0 Aufwerten der Grundsch\u00fclerInnen: Linoldruck wird f\u00fcr gew\u00f6hnlich fr\u00fchestens ab &hellip; <\/p>\n<p class=\"link-more\"><a href=\"https:\/\/holger-montag.de\/?page_id=98\" class=\"more-link\"><span class=\"screen-reader-text\">\u201eAutorenlesung + Linoldruck f\u00fcr Grundsch\u00fcler\u201c<\/span> weiterlesen<\/a><\/p>\n","protected":false},"author":1,"featured_media":0,"parent":0,"menu_order":5,"comment_status":"closed","ping_status":"closed","template":"","meta":{"footnotes":""},"class_list":["post-98","page","type-page","status-publish","hentry"],"_links":{"self":[{"href":"https:\/\/holger-montag.de\/index.php?rest_route=\/wp\/v2\/pages\/98","targetHints":{"allow":["GET"]}}],"collection":[{"href":"https:\/\/holger-montag.de\/index.php?rest_route=\/wp\/v2\/pages"}],"about":[{"href":"https:\/\/holger-montag.de\/index.php?rest_route=\/wp\/v2\/types\/page"}],"author":[{"embeddable":true,"href":"https:\/\/holger-montag.de\/index.php?rest_route=\/wp\/v2\/users\/1"}],"replies":[{"embeddable":true,"href":"https:\/\/holger-montag.de\/index.php?rest_route=%2Fwp%2Fv2%2Fcomments&post=98"}],"version-history":[{"count":171,"href":"https:\/\/holger-montag.de\/index.php?rest_route=\/wp\/v2\/pages\/98\/revisions"}],"predecessor-version":[{"id":1691,"href":"https:\/\/holger-montag.de\/index.php?rest_route=\/wp\/v2\/pages\/98\/revisions\/1691"}],"wp:attachment":[{"href":"https:\/\/holger-montag.de\/index.php?rest_route=%2Fwp%2Fv2%2Fmedia&parent=98"}],"curies":[{"name":"wp","href":"https:\/\/api.w.org\/{rel}","templated":true}]}}